{"id":276,"date":"2022-02-02T13:58:44","date_gmt":"2022-02-02T12:58:44","guid":{"rendered":"https:\/\/www.peledesperes.org\/?page_id=276"},"modified":"2025-06-25T23:36:08","modified_gmt":"2025-06-25T21:36:08","slug":"livretscomm","status":"publish","type":"page","link":"https:\/\/www.peledesperes.org\/index.php\/livretscomm\/","title":{"rendered":"Page Comm et livrets"},"content":{"rendered":"\t\t<div data-elementor-type=\"wp-page\" data-elementor-id=\"276\" class=\"elementor elementor-276\">\n\t\t\t\t\t\t<div class=\"elementor-inner\">\n\t\t\t\t<div class=\"elementor-section-wrap\">\n\t\t\t\t\t\t\t\t\t<section class=\"elementor-section elementor-top-section elementor-element elementor-element-b2ec709 elementor-section-boxed elementor-section-height-default elementor-section-height-default\" data-id=\"b2ec709\" data-element_type=\"section\" data-settings=\"{&quot;shape_divider_top&quot;:&quot;tilt&quot;}\">\n\t\t\t\t\t<div class=\"elementor-shape elementor-shape-top\" data-negative=\"false\">\n\t\t\t<svg xmlns=\"http:\/\/www.w3.org\/2000\/svg\" viewBox=\"0 0 1000 100\" preserveAspectRatio=\"none\">\n\t<path class=\"elementor-shape-fill\" d=\"M0,6V0h1000v100L0,6z\"\/>\n<\/svg>\t\t<\/div>\n\t\t\t\t\t<div class=\"elementor-container elementor-column-gap-default\">\n\t\t\t\t\t\t\t<div class=\"elementor-row\">\n\t\t\t\t\t<div class=\"elementor-column elementor-col-100 elementor-top-column elementor-element elementor-element-644d0b0\" data-id=\"644d0b0\" data-element_type=\"column\">\n\t\t\t<div class=\"elementor-column-wrap elementor-element-populated\">\n\t\t\t\t\t\t\t<div class=\"elementor-widget-wrap\">\n\t\t\t\t\t\t<div class=\"elementor-element elementor-element-324c108 elementor-widget elementor-widget-text-editor\" data-id=\"324c108\" data-element_type=\"widget\" data-widget_type=\"text-editor.default\">\n\t\t\t\t<div class=\"elementor-widget-container\">\n\t\t\t\t\t\t\t\t<div class=\"elementor-text-editor elementor-clearfix\">\n\t\t\t\t<p>\u00a0<\/p><p>\u00a0<\/p>\t\t\t\t\t<\/div>\n\t\t\t\t\t\t<\/div>\n\t\t\t\t<\/div>\n\t\t\t\t\t\t<\/div>\n\t\t\t\t\t<\/div>\n\t\t<\/div>\n\t\t\t\t\t\t\t\t<\/div>\n\t\t\t\t\t<\/div>\n\t\t<\/section>\n\t\t\t\t<section class=\"elementor-section elementor-top-section elementor-element elementor-element-a27ec25 elementor-section-boxed elementor-section-height-default elementor-section-height-default\" data-id=\"a27ec25\" data-element_type=\"section\">\n\t\t\t\t\t\t<div class=\"elementor-container elementor-column-gap-default\">\n\t\t\t\t\t\t\t<div class=\"elementor-row\">\n\t\t\t\t\t<div class=\"elementor-column elementor-col-33 elementor-top-column elementor-element elementor-element-f77a29a\" data-id=\"f77a29a\" data-element_type=\"column\">\n\t\t\t<div class=\"elementor-column-wrap elementor-element-populated\">\n\t\t\t\t\t\t\t<div class=\"elementor-widget-wrap\">\n\t\t\t\t\t\t<div class=\"elementor-element elementor-element-1ed77ad elementor-view-default elementor-widget elementor-widget-icon\" data-id=\"1ed77ad\" data-element_type=\"widget\" data-widget_type=\"icon.default\">\n\t\t\t\t<div class=\"elementor-widget-container\">\n\t\t\t\t\t<div class=\"elementor-icon-wrapper\">\n\t\t\t<div class=\"elementor-icon\">\n\t\t\t<i aria-hidden=\"true\" class=\"far fa-file-pdf\"><\/i>\t\t\t<\/div>\n\t\t<\/div>\n\t\t\t\t<\/div>\n\t\t\t\t<\/div>\n\t\t\t\t\t\t<\/div>\n\t\t\t\t\t<\/div>\n\t\t<\/div>\n\t\t\t\t<div class=\"elementor-column elementor-col-33 elementor-top-column elementor-element elementor-element-5a7a73c\" data-id=\"5a7a73c\" data-element_type=\"column\">\n\t\t\t<div class=\"elementor-column-wrap elementor-element-populated\">\n\t\t\t\t\t\t\t<div class=\"elementor-widget-wrap\">\n\t\t\t\t\t\t<div class=\"elementor-element elementor-element-88a4c14 elementor-widget elementor-widget-text-editor\" data-id=\"88a4c14\" data-element_type=\"widget\" data-widget_type=\"text-editor.default\">\n\t\t\t\t<div class=\"elementor-widget-container\">\n\t\t\t\t\t\t\t\t<div class=\"elementor-text-editor elementor-clearfix\">\n\t\t\t\t<h1>Livrets des ann\u00e9es pr\u00e9c\u00e9dentes\u200b<\/h1>\t\t\t\t\t<\/div>\n\t\t\t\t\t\t<\/div>\n\t\t\t\t<\/div>\n\t\t\t\t\t\t<\/div>\n\t\t\t\t\t<\/div>\n\t\t<\/div>\n\t\t\t\t<div class=\"elementor-column elementor-col-33 elementor-top-column elementor-element elementor-element-83d6132\" data-id=\"83d6132\" data-element_type=\"column\">\n\t\t\t<div class=\"elementor-column-wrap elementor-element-populated\">\n\t\t\t\t\t\t\t<div class=\"elementor-widget-wrap\">\n\t\t\t\t\t\t<div class=\"elementor-element elementor-element-63ef871 elementor-widget elementor-widget-text-editor\" data-id=\"63ef871\" data-element_type=\"widget\" data-widget_type=\"text-editor.default\">\n\t\t\t\t<div class=\"elementor-widget-container\">\n\t\t\t\t\t\t\t\t<div class=\"elementor-text-editor elementor-clearfix\">\n\t\t\t\t<p><a href=\"https:\/\/www.peledesperes.org\/wp-content\/uploads\/2022\/02\/Livret-du-pelerin-2016-8\u00b0-edition.pdf\">Livret du p\u00e8lerin 2016 &#8211; 8\u00b0 \u00e9dition<\/a><\/p><p><a href=\"https:\/\/www.peledesperes.org\/wp-content\/uploads\/2022\/02\/Livret-du-pelerin-2016-8\u00b0-edition.pdf\">Livret du p\u00e8lerin 2017 &#8211; 9\u00b0 \u00e9dition<\/a><\/p><p><a href=\"https:\/\/www.peledesperes.org\/wp-content\/uploads\/2022\/02\/Livret-du-pelerin-2019-11\u00b0-edition.pdf\">Livret du p\u00e8lerin 2019 &#8211; 11\u00b0 \u00e9dition<\/a><\/p><p><a href=\"https:\/\/www.peledesperes.org\/wp-content\/uploads\/2022\/02\/Livret-du-pelerin-2021-13\u00b0-edition.pdf\">Livret du p\u00e8lerin 2021 &#8211; 13\u00b0 \u00e9dition<\/a><\/p><p>Livret du pelerin 2022 &#8211; 14\u00b0 \u00e9dition <a href=\"https:\/\/www.peledesperes.org\/wp-content\/uploads\/2022\/06\/Livret-du-pelerin-2022-14e-edition.pdf\">PDF<\/a>&#8211; <a href=\"https:\/\/www.peledesperes.org\/wp-content\/uploads\/2022\/06\/Livret-du-pe\u0300lerin-_14e-PPF-IdF-2022-v4.docx\">Word <\/a>&#8211; <a href=\"https:\/\/www.peledesperes.org\/wp-content\/uploads\/2022\/06\/PPF22-_-Livret-du-chef-de-chapitre.docx\">CdChapitre<\/a><\/p><p><a href=\"https:\/\/www.peledesperes.org\/documents\/2025\/06\/livret-pelerin-2023.pdf\/\">Livret du p\u00e8lerin 2023 &#8211; 15\u00b0 \u00e9dition<\/a><\/p><p><a href=\"https:\/\/www.peledesperes.org\/documents\/2025\/06\/livret-pelerin-2024.pdf\/\">Livret du p\u00e8lerin 2024 &#8211; 16\u00b0 \u00e9dition<\/a><\/p><p><a href=\"https:\/\/www.peledesperes.org\/documents\/2025\/06\/livret-pelerin-2025.pdf\/\" target=\"_blank\" rel=\"noopener\">Livret du p\u00e8lerin 2025 &#8211; 17\u00b0 \u00e9dition<\/a><\/p>\t\t\t\t\t<\/div>\n\t\t\t\t\t\t<\/div>\n\t\t\t\t<\/div>\n\t\t\t\t\t\t<\/div>\n\t\t\t\t\t<\/div>\n\t\t<\/div>\n\t\t\t\t\t\t\t\t<\/div>\n\t\t\t\t\t<\/div>\n\t\t<\/section>\n\t\t\t\t<section class=\"elementor-section elementor-top-section elementor-element elementor-element-eb9018a elementor-section-boxed elementor-section-height-default elementor-section-height-default\" data-id=\"eb9018a\" data-element_type=\"section\" data-settings=\"{&quot;shape_divider_top&quot;:&quot;tilt&quot;}\">\n\t\t\t\t\t<div class=\"elementor-shape elementor-shape-top\" data-negative=\"false\">\n\t\t\t<svg xmlns=\"http:\/\/www.w3.org\/2000\/svg\" viewBox=\"0 0 1000 100\" preserveAspectRatio=\"none\">\n\t<path class=\"elementor-shape-fill\" d=\"M0,6V0h1000v100L0,6z\"\/>\n<\/svg>\t\t<\/div>\n\t\t\t\t\t<div class=\"elementor-container elementor-column-gap-default\">\n\t\t\t\t\t\t\t<div class=\"elementor-row\">\n\t\t\t\t\t<div class=\"elementor-column elementor-col-100 elementor-top-column elementor-element elementor-element-d0fd176\" data-id=\"d0fd176\" data-element_type=\"column\">\n\t\t\t<div class=\"elementor-column-wrap\">\n\t\t\t\t\t\t\t<div class=\"elementor-widget-wrap\">\n\t\t\t\t\t\t\t\t<\/div>\n\t\t\t\t\t<\/div>\n\t\t<\/div>\n\t\t\t\t\t\t\t\t<\/div>\n\t\t\t\t\t<\/div>\n\t\t<\/section>\n\t\t\t\t<section class=\"elementor-section elementor-top-section elementor-element elementor-element-b8a7c23 elementor-section-boxed elementor-section-height-default elementor-section-height-default\" data-id=\"b8a7c23\" data-element_type=\"section\">\n\t\t\t\t\t\t<div class=\"elementor-container elementor-column-gap-default\">\n\t\t\t\t\t\t\t<div class=\"elementor-row\">\n\t\t\t\t\t<div class=\"elementor-column elementor-col-100 elementor-top-column elementor-element elementor-element-9e3be63\" data-id=\"9e3be63\" data-element_type=\"column\">\n\t\t\t<div class=\"elementor-column-wrap elementor-element-populated\">\n\t\t\t\t\t\t\t<div class=\"elementor-widget-wrap\">\n\t\t\t\t\t\t<div class=\"elementor-element elementor-element-c8b1903 elementor-widget elementor-widget-heading\" data-id=\"c8b1903\" data-element_type=\"widget\" data-widget_type=\"heading.default\">\n\t\t\t\t<div class=\"elementor-widget-container\">\n\t\t\t<h2 class=\"elementor-heading-title elementor-size-default\">Vous souhaitez faire une annonce du PPF dans vos paroisses, voici quelques id\u00e9es<\/h2>\t\t<\/div>\n\t\t\t\t<\/div>\n\t\t\t\t\t\t<\/div>\n\t\t\t\t\t<\/div>\n\t\t<\/div>\n\t\t\t\t\t\t\t\t<\/div>\n\t\t\t\t\t<\/div>\n\t\t<\/section>\n\t\t\t\t<section class=\"elementor-section elementor-top-section elementor-element elementor-element-9a5aa7d elementor-section-boxed elementor-section-height-default elementor-section-height-default\" data-id=\"9a5aa7d\" data-element_type=\"section\">\n\t\t\t\t\t\t<div class=\"elementor-container elementor-column-gap-default\">\n\t\t\t\t\t\t\t<div class=\"elementor-row\">\n\t\t\t\t\t<div class=\"elementor-column elementor-col-50 elementor-top-column elementor-element elementor-element-86077be\" data-id=\"86077be\" data-element_type=\"column\">\n\t\t\t<div class=\"elementor-column-wrap elementor-element-populated\">\n\t\t\t\t\t\t\t<div class=\"elementor-widget-wrap\">\n\t\t\t\t\t\t<div class=\"elementor-element elementor-element-3605e6e elementor-widget elementor-widget-text-editor\" data-id=\"3605e6e\" data-element_type=\"widget\" data-widget_type=\"text-editor.default\">\n\t\t\t\t<div class=\"elementor-widget-container\">\n\t\t\t\t\t\t\t\t<div class=\"elementor-text-editor elementor-clearfix\">\n\t\t\t\t<p><strong>Annonce \u00ab\u00a0fin de messe\u00a0\u00bb N\u00b01<br \/><\/strong><\/p><p>\u00ab\u00a0Y a-t-il dans l\u2019assistance des enfants qui r\u00eaveraient que leur Papa soit un aventurier\u00a0? (courte pause)<\/p><p>En g\u00e9n\u00e9ral, une aventure, on sait comment elle commence, mais rarement comment elle va finir\u2026<br \/>Et c\u2019est pr\u00e9cis\u00e9ment une aventure que nous proposons aux p\u00e8res de famille\u00a0: se mettre en marche, devenir p\u00e8lerin le temps d\u2019un week-end, sous le regard du Seigneur, accompagn\u00e9 par saint Joseph. Je vous promets, c\u2019est bien d\u2019une v\u00e9ritable aventure qu\u2019il s\u2019agit\u00a0: tous ceux qui l\u2019ont fait ont v\u00e9cu des moments forts fraternit\u00e9 et de foi, et de tr\u00e8s belles rencontres\u2026 Ils n\u2019avaient aucune id\u00e9e de ce qu\u2019ils allaient vivre en partant, mais au moment des retrouvailles avec leurs familles, au moment de prendre dans leurs bras leurs enfants et leurs \u00e9pouses, tous ont mesur\u00e9 le chemin parcouru.<\/p><p>Pour 90\u00a0% des Fran\u00e7ais, l\u2019essentiel de leur vie\u00a0: c\u2019est la famille. Et r\u00e9ussir sa vie, c\u2019est avant tout r\u00e9ussir sa vie familiale. Dans la famille, quelle est la place du p\u00e8re\u00a0? Le PPF invite tous les p\u00e8res, grands-p\u00e8res, jeunes mari\u00e9s, p\u00e8res en devenir, \u00e0 m\u00e9diter sur leur r\u00f4le de p\u00e8re, mais aussi sur leur r\u00f4le d\u2019\u00e9poux et de serviteurs de leur famille.<\/p><p>Prenez le temps d\u2019un week-end, venez en p\u00e8lerinage le premier week-end de juillet\u00a0: Vous n\u2019en reviendrez pas\u00a0! Enfin si, vous en reviendrez, mais avec un c\u0153ur encore plus grand.\u00a0\u00bb<\/p><p>Renseignements sur le web, rechercher p\u00e8lerinage des p\u00e8res de famille ile de France ou 77<\/p>\t\t\t\t\t<\/div>\n\t\t\t\t\t\t<\/div>\n\t\t\t\t<\/div>\n\t\t\t\t\t\t<\/div>\n\t\t\t\t\t<\/div>\n\t\t<\/div>\n\t\t\t\t<div class=\"elementor-column elementor-col-50 elementor-top-column elementor-element elementor-element-fd39116\" data-id=\"fd39116\" data-element_type=\"column\">\n\t\t\t<div class=\"elementor-column-wrap elementor-element-populated\">\n\t\t\t\t\t\t\t<div class=\"elementor-widget-wrap\">\n\t\t\t\t\t\t<div class=\"elementor-element elementor-element-37feea3 elementor-widget elementor-widget-text-editor\" data-id=\"37feea3\" data-element_type=\"widget\" data-widget_type=\"text-editor.default\">\n\t\t\t\t<div class=\"elementor-widget-container\">\n\t\t\t\t\t\t\t\t<div class=\"elementor-text-editor elementor-clearfix\">\n\t\t\t\t<p><strong>Annonce \u00ab\u00a0fin de messe\u00a0\u00bb<\/strong> N\u00b02<\/p><p>Pour la 15<sup>\u00e8me<\/sup> ann\u00e9e, le P\u00e8lerinage des p\u00e8res de famille d\u2019Ile-de-France invite les p\u00e8res ou grands-p\u00e8res \u00e0 marcher sur les chemins de Seine-et-Marne.<\/p><p>Ce p\u00e8lerinage est une invitation. Une invitation \u00e0 prendre un peu de son temps, \u00e0 se mettre en route sous le regard du Seigneur, et \u00e0 lui confier les intentions que l\u2019on porte pour sa famille.<\/p><p>C\u2019est un grand moment de m\u00e9ditation sur le r\u00f4le de p\u00e8re, le r\u00f4le d\u2019\u00e9poux.<\/p><p>C\u2019est une rencontre avec d\u2019autres p\u00e8res, un partage.<\/p><p>C\u2019est un temps privil\u00e9gi\u00e9 pour prier, seul, avec d\u2019autres p\u00e8res, avec saint Joseph.<\/p><p>Soutenu par Mgr Jean-Yves Nahmias, \u00e9v\u00eaque de Meaux, et par Mgr Dominique Blanchet, \u00e9v\u00eaque de Cr\u00e9teil, le p\u00e8lerinage cette ann\u00e9e aura lieu du xx juillet au xx juillet.<\/p><p>Renseignements sur le web, rechercher p\u00e8lerinage des p\u00e8res de famille Ile de France<\/p>\t\t\t\t\t<\/div>\n\t\t\t\t\t\t<\/div>\n\t\t\t\t<\/div>\n\t\t\t\t\t\t<\/div>\n\t\t\t\t\t<\/div>\n\t\t<\/div>\n\t\t\t\t\t\t\t\t<\/div>\n\t\t\t\t\t<\/div>\n\t\t<\/section>\n\t\t\t\t<section class=\"elementor-section elementor-top-section elementor-element elementor-element-6dd23d1 elementor-section-boxed elementor-section-height-default elementor-section-height-default\" data-id=\"6dd23d1\" data-element_type=\"section\">\n\t\t\t\t\t\t<div class=\"elementor-container elementor-column-gap-default\">\n\t\t\t\t\t\t\t<div class=\"elementor-row\">\n\t\t\t\t\t<div class=\"elementor-column elementor-col-100 elementor-top-column elementor-element elementor-element-7d81597\" data-id=\"7d81597\" data-element_type=\"column\">\n\t\t\t<div class=\"elementor-column-wrap elementor-element-populated\">\n\t\t\t\t\t\t\t<div class=\"elementor-widget-wrap\">\n\t\t\t\t\t\t<div class=\"elementor-element elementor-element-89411b6 elementor-widget-divider--view-line elementor-widget elementor-widget-divider\" data-id=\"89411b6\" data-element_type=\"widget\" data-widget_type=\"divider.default\">\n\t\t\t\t<div class=\"elementor-widget-container\">\n\t\t\t\t\t<div class=\"elementor-divider\">\n\t\t\t<span class=\"elementor-divider-separator\">\n\t\t\t\t\t\t<\/span>\n\t\t<\/div>\n\t\t\t\t<\/div>\n\t\t\t\t<\/div>\n\t\t\t\t\t\t<\/div>\n\t\t\t\t\t<\/div>\n\t\t<\/div>\n\t\t\t\t\t\t\t\t<\/div>\n\t\t\t\t\t<\/div>\n\t\t<\/section>\n\t\t\t\t<section class=\"elementor-section elementor-top-section elementor-element elementor-element-88b8cd8 elementor-section-boxed elementor-section-height-default elementor-section-height-default\" data-id=\"88b8cd8\" data-element_type=\"section\">\n\t\t\t\t\t\t<div class=\"elementor-container elementor-column-gap-default\">\n\t\t\t\t\t\t\t<div class=\"elementor-row\">\n\t\t\t\t\t<div class=\"elementor-column elementor-col-100 elementor-top-column elementor-element elementor-element-e15decd\" data-id=\"e15decd\" data-element_type=\"column\">\n\t\t\t<div class=\"elementor-column-wrap elementor-element-populated\">\n\t\t\t\t\t\t\t<div class=\"elementor-widget-wrap\">\n\t\t\t\t\t\t<div class=\"elementor-element elementor-element-585e552 elementor-widget elementor-widget-text-editor\" data-id=\"585e552\" data-element_type=\"widget\" data-widget_type=\"text-editor.default\">\n\t\t\t\t<div class=\"elementor-widget-container\">\n\t\t\t\t\t\t\t\t<div class=\"elementor-text-editor elementor-clearfix\">\n\t\t\t\t<p><span style=\"text-decoration: underline;\"><strong>Annonce \u00ab\u00a0feuille de messe num\u00e9rique\u00a0\u00bb<\/strong><\/span><\/p>\n<p>Cette ann\u00e9e, le P\u00e8lerinage des P\u00e8res de Famille en Ile de France se tiendra pour la 14\u00b0 ann\u00e9e cons\u00e9cutive.<\/p>\n<p>Il aura lieu du 1er (vendredi soir) au 3 (dimanche milieu d\u2019apr\u00e8s-midi) Juillet 2022 en Seine et Marne.<\/p>\n<p>Il est ouvert \u00e0 tous, chr\u00e9tiens, pratiquants et non pratiquants qui cherchent \u00e0 donner un sens \u00e0 leur paternit\u00e9.<\/p>\n<p>C&rsquo;est un p\u00e8lerinage \u00e0 taille humaine et familiale, nous accueillons tous les p\u00e8res, ceux qui souhaitent \u00e9changer fraternellement, ceux qui ont besoin de faire une pause spirituelle dans leur quotidien bien charg\u00e9, ceux qui sont pouss\u00e9s par leur femme, ceux qui sont pouss\u00e9s par l\u2019Esprit Saint\u2026<\/p>\n<p>Vous trouverez toutes les informations utiles sur le p\u00e8lerinage en cliquant ici (lien = https:\/\/www.peledesperes.org\/index.php\/decouvrir\/)<\/p>\n<p>Et vous pouvez vous inscrire en cliquant ici (lien = https:\/\/www.peledesperes.org\/index.php\/inscription\/)<\/p>\n<p>Si vous avez besoin d\u2019information, contactez le r\u00e9f\u00e9rent du p\u00e8lerinage de votre paroisse&nbsp; : Pr\u00e9nom NOM au 06xxxx.<\/p>\n<p>Au plaisir de marcher dans la for\u00eat de Fontainebleau \u00e0 vos c\u00f4t\u00e9s !<\/p>\t\t\t\t\t<\/div>\n\t\t\t\t\t\t<\/div>\n\t\t\t\t<\/div>\n\t\t\t\t\t\t<\/div>\n\t\t\t\t\t<\/div>\n\t\t<\/div>\n\t\t\t\t\t\t\t\t<\/div>\n\t\t\t\t\t<\/div>\n\t\t<\/section>\n\t\t\t\t<section class=\"elementor-section elementor-top-section elementor-element elementor-element-41e1ee4 elementor-section-boxed elementor-section-height-default elementor-section-height-default\" data-id=\"41e1ee4\" data-element_type=\"section\">\n\t\t\t\t\t\t<div class=\"elementor-container elementor-column-gap-default\">\n\t\t\t\t\t\t\t<div class=\"elementor-row\">\n\t\t\t\t\t<div class=\"elementor-column elementor-col-100 elementor-top-column elementor-element elementor-element-d703f29\" data-id=\"d703f29\" data-element_type=\"column\">\n\t\t\t<div class=\"elementor-column-wrap elementor-element-populated\">\n\t\t\t\t\t\t\t<div class=\"elementor-widget-wrap\">\n\t\t\t\t\t\t<div class=\"elementor-element elementor-element-63859c0 elementor-widget elementor-widget-text-editor\" data-id=\"63859c0\" data-element_type=\"widget\" data-widget_type=\"text-editor.default\">\n\t\t\t\t<div class=\"elementor-widget-container\">\n\t\t\t\t\t\t\t\t<div class=\"elementor-text-editor elementor-clearfix\">\n\t\t\t\t<p><span style=\"text-decoration: underline;\"><strong>Annonce \u00ab\u00a0fin de messe\u00a0\u00bb N\u00b03<br \/><\/strong><\/span><\/p><p>Cette ann\u00e9e, le P\u00e8lerinage des P\u00e8res de Famille en Ile de France se tiendra pour la 15\u00b0 ann\u00e9e cons\u00e9cutive.<\/p><div>Il aura lieu du xx (vendredi soir) au xx (dimanche milieu d\u2019apr\u00e8s-midi) Juillet 2022 en Seine et Marne.<\/div><div>\u00a0<\/div><div>Il est ouvert \u00e0 tous, chr\u00e9tiens, pratiquants et non pratiquants qui cherchent \u00e0 donner un sens \u00e0 leur paternit\u00e9.<\/div><div>\u00a0<\/div><div>C&rsquo;est un p\u00e8lerinage \u00e0 taille humaine et familiale, nous accueillons tous les p\u00e8res, ceux qui souhaitent \u00e9changer fraternellement, ceux qui ont besoin de faire une pause spirituelle dans leur quotidien bien charg\u00e9, ceux qui sont pouss\u00e9s par leur femme, ceux qui sont pouss\u00e9s par l\u2019Esprit Saint\u2026<\/div><div>\u00a0<\/div><div>Vous trouverez toutes les informations utiles et vous pouvez inscrire sur le site du p\u00e8lerinage : www.peledesperes.org<\/div><p>Vous pouvez aussi contacter le r\u00e9f\u00e9rent du p\u00e8lerinage de votre paroisse : Pr\u00e9nom NOM au 06xxxx.<\/p>\t\t\t\t\t<\/div>\n\t\t\t\t\t\t<\/div>\n\t\t\t\t<\/div>\n\t\t\t\t\t\t<\/div>\n\t\t\t\t\t<\/div>\n\t\t<\/div>\n\t\t\t\t\t\t\t\t<\/div>\n\t\t\t\t\t<\/div>\n\t\t<\/section>\n\t\t\t\t<section class=\"elementor-section elementor-top-section elementor-element elementor-element-9e7d32b elementor-section-boxed elementor-section-height-default elementor-section-height-default\" data-id=\"9e7d32b\" data-element_type=\"section\">\n\t\t\t\t\t\t<div class=\"elementor-container elementor-column-gap-default\">\n\t\t\t\t\t\t\t<div class=\"elementor-row\">\n\t\t\t\t\t<div class=\"elementor-column elementor-col-100 elementor-top-column elementor-element elementor-element-7ea57b0\" data-id=\"7ea57b0\" data-element_type=\"column\">\n\t\t\t<div class=\"elementor-column-wrap elementor-element-populated\">\n\t\t\t\t\t\t\t<div class=\"elementor-widget-wrap\">\n\t\t\t\t\t\t<div class=\"elementor-element elementor-element-0272d66 elementor-widget elementor-widget-text-editor\" data-id=\"0272d66\" data-element_type=\"widget\" data-widget_type=\"text-editor.default\">\n\t\t\t\t<div class=\"elementor-widget-container\">\n\t\t\t\t\t\t\t\t<div class=\"elementor-text-editor elementor-clearfix\">\n\t\t\t\t<p><strong><span style=\"text-decoration: underline;\">Annonce \u00ab\u00a0fin de messe\u00a0\u00bb N\u00b04<\/span><br \/><\/strong><\/p><p>Bonjour,<\/p><p>Je viens vous parler d\u2019une exp\u00e9rience, une exp\u00e9rience que j\u2019ai v\u00e9cue, une exp\u00e9rience que je n\u2019ai pas v\u00e9cue seul car chaque ann\u00e9e, des centaines de p\u00e8res de famille la vivent en Ile de France et dans toute la France. <br \/>Cette exp\u00e9rience, c\u2019est un p\u00e8lerinage des p\u00e8res de familles. Il a lieu habituellement le 1er week-end de Juillet. A cette occasion des p\u00e8res se retrouvent pour cheminer ensemble, pour \u00e9changer sur un th\u00e8me. Ils vivent une exp\u00e9rience de foi, de partage et de fraternit\u00e9.<\/p><p>Depuis plusieurs ann\u00e9es, des p\u00e8res de la paroisse y participent. Pas toujours les m\u00eames car il y a parfois des obligations \u00e0 cette p\u00e9riode, en tout cas, tous ceux qui l\u2019ont fait ont envie de le refaire, alors n\u2019h\u00e9sitez pas \u00e0 tenter l\u2019exp\u00e9rience et \u00e0 vous lancer cette ann\u00e9e.<\/p><p>R\u00e9servez d\u00e8s maintenant dans vos agendas, le p\u00e8lerinage aura lieu cette ann\u00e9e le week-end du xxx et xxx juillet.<\/p><p>Si vous souhaitez en savoir plus, n\u2019h\u00e9sitez pas \u00e0 venir me rencontrer \u00e0 la fin de la messe.<\/p><p>\u00a0<\/p>\t\t\t\t\t<\/div>\n\t\t\t\t\t\t<\/div>\n\t\t\t\t<\/div>\n\t\t\t\t\t\t<\/div>\n\t\t\t\t\t<\/div>\n\t\t<\/div>\n\t\t\t\t\t\t\t\t<\/div>\n\t\t\t\t\t<\/div>\n\t\t<\/section>\n\t\t\t\t\t\t\t\t\t<\/div>\n\t\t\t<\/div>\n\t\t\t\t\t<\/div>\n\t\t","protected":false},"excerpt":{"rendered":"<p>\u00a0 \u00a0 Livrets des ann\u00e9es pr\u00e9c\u00e9dentes\u200b Livret du p\u00e8lerin 2016 &#8211; 8\u00b0 \u00e9dition Livret du p\u00e8lerin 2017 &#8211; 9\u00b0 \u00e9dition Livret du [&hellip;]<\/p>\n","protected":false},"author":3,"featured_media":0,"parent":0,"menu_order":0,"comment_status":"closed","ping_status":"closed","template":"page-templates\/page_fullwidth.php","meta":[],"_links":{"self":[{"href":"https:\/\/www.peledesperes.org\/index.php\/wp-json\/wp\/v2\/pages\/276"}],"collection":[{"href":"https:\/\/www.peledesperes.org\/index.php\/wp-json\/wp\/v2\/pages"}],"about":[{"href":"https:\/\/www.peledesperes.org\/index.php\/wp-json\/wp\/v2\/types\/page"}],"author":[{"embeddable":true,"href":"https:\/\/www.peledesperes.org\/index.php\/wp-json\/wp\/v2\/users\/3"}],"replies":[{"embeddable":true,"href":"https:\/\/www.peledesperes.org\/index.php\/wp-json\/wp\/v2\/comments?post=276"}],"version-history":[{"count":78,"href":"https:\/\/www.peledesperes.org\/index.php\/wp-json\/wp\/v2\/pages\/276\/revisions"}],"predecessor-version":[{"id":1152,"href":"https:\/\/www.peledesperes.org\/index.php\/wp-json\/wp\/v2\/pages\/276\/revisions\/1152"}],"wp:attachment":[{"href":"https:\/\/www.peledesperes.org\/index.php\/wp-json\/wp\/v2\/media?parent=276"}],"curies":[{"name":"wp","href":"https:\/\/api.w.org\/{rel}","templated":true}]}}